{"id":22836,"date":"2018-05-01T21:19:36","date_gmt":"2018-05-01T21:19:36","guid":{"rendered":"https:\/\/portal-hgps.azurewebsites.net\/servicios-medicos\/medicina-nuclear\/"},"modified":"2020-07-16T03:31:23","modified_gmt":"2020-07-16T03:31:23","slug":"medicinainterna","status":"publish","type":"page","link":"https:\/\/hgps.org.do\/en\/servicios-medicos\/medicinainterna\/","title":{"rendered":"Internal Medicine"},"content":{"rendered":"<section class=\"l-section wpb_row us_custom_9b36ddac height_medium\"><div class=\"l-section-h i-cf\"><div class=\"g-cols vc_row type_default valign_top\"><div class=\"vc_col-sm-8 wpb_column vc_column_container\"><div class=\"vc_column-inner\"><div class=\"wpb_wrapper\"><div id=\"ultimate-heading-4669ef323e8ed3e\" class=\"uvc-heading ult-adjust-bottom-margin ultimate-heading-4669ef323e8ed3e uvc-9997\" data-hspacer=\"line_only\"  data-halign=\"center\" style=\"text-align:center\"><div class=\"uvc-main-heading ult-responsive\"  data-ultimate-target='.uvc-heading.ultimate-heading-4669ef323e8ed3e h2'  data-responsive-json-new='{\"font-size\":\"\",\"line-height\":\"\"}' ><h2 style=\"font-weight:normal;margin-bottom:10px;\">Internal Medicine<\/h2><\/div><div class=\"uvc-heading-spacer line_only\" style=\"margin-bottom:20px;height:2px;\"><span class=\"uvc-headings-line\" style=\"border-style:solid;border-bottom-width:2px;border-color:#00abc6;width:300px;\"><\/span><\/div><\/div><div class=\"ult-spacer spacer-69ef323e8ee9e\" data-id=\"69ef323e8ee9e\" data-height=\"15\" data-height-mobile=\"15\" data-height-tab=\"15\" data-height-tab-portrait=\"\" data-height-mobile-landscape=\"\" style=\"clear:both;display:block;\"><\/div><div class=\"wpb_text_column\" ><div class=\"wpb_wrapper\"><p>Internal medicine is a medical specialty that is dedicated to the comprehensive care of the sick adult in the clinical area.<\/p>\n<p>Chronic diseases experience a continuous and substantial increase as a result of the increase in the average life rate.<\/p>\n<p>The current rhythm of life is more demanding every day for ordinary citizens, affecting their health.<br \/>\nIn our country this reality is manifested with the rise in the appearance of diseases that in the past were rare because of the low life expectancy.<\/p>\n<p>In response to this dissimilar reality, the General Hospital of the Plaza de la Salud (HGPS) places at the disposal of the Dominican people, in need of a quality health service, the most complete Internal Medicine department where you will find the answer to your need, supported by the highest quality standards attached to our eternal commitment to respect for life.<\/p>\n<p>Next, the services by specialty:<\/p>\n<\/div><\/div><div class=\"ult-spacer spacer-69ef323e8f45c\" data-id=\"69ef323e8f45c\" data-height=\"30\" data-height-mobile=\"30\" data-height-tab=\"30\" data-height-tab-portrait=\"\" data-height-mobile-landscape=\"\" style=\"clear:both;display:block;\"><\/div><div class=\"w-tabs style_default switch_click accordion has_scrolling title_atleft icon_chevron iconpos_right\"><div class=\"w-tabs-sections\"><div class=\"w-tabs-sections-h\"><div class=\"w-tabs-section\" id=\"1548051485003-09ea206c-28ed\"><button class=\"w-tabs-section-header\" aria-controls=\"content-1548051485003-09ea206c-28ed\"><div class=\"w-tabs-section-header-h\"><div class=\"w-tabs-section-title\">Internal Medicine<\/div><div class=\"w-tabs-section-control\"><\/div><\/div><\/button><div class=\"w-tabs-section-content\" id=\"content-1548051485003-09ea206c-28ed\" aria-expanded=\"false\"><div class=\"w-tabs-section-content-h i-cf\"><div class=\"wpb_text_column\" ><div class=\"wpb_wrapper\"><p>External consultation Monday through Friday from 2 pm to 8 pm. Comprehensive follow-up of hospitalized patients from Monday to Sunday including holidays. Cardiovascular Evaluation Unit Monday through Friday from 8 am to 4 pm.<br \/>\nPre-surgical cardiovascular evaluation.<br \/>\nCardiovascular risk assessment.<\/p>\n<\/div><\/div><\/div><\/div><\/div><div class=\"w-tabs-section\" id=\"1550117400650-14108b1d-23c0\"><button class=\"w-tabs-section-header\" aria-controls=\"content-1550117400650-14108b1d-23c0\"><div class=\"w-tabs-section-header-h\"><div class=\"w-tabs-section-title\">Rheumatology<\/div><div class=\"w-tabs-section-control\"><\/div><\/div><\/button><div class=\"w-tabs-section-content\" id=\"content-1550117400650-14108b1d-23c0\" aria-expanded=\"false\"><div class=\"w-tabs-section-content-h i-cf\"><div class=\"wpb_text_column\" ><div class=\"wpb_wrapper\"><p>External consultation Monday through Friday from 7 am to 1 pm<br \/>\nFollow-up of hospitalized patients.<\/p>\n<\/div><\/div><\/div><\/div><\/div><div class=\"w-tabs-section\" id=\"1550117409898-7160210f-e4ca\"><button class=\"w-tabs-section-header\" aria-controls=\"content-1550117409898-7160210f-e4ca\"><div class=\"w-tabs-section-header-h\"><div class=\"w-tabs-section-title\">Infectology<\/div><div class=\"w-tabs-section-control\"><\/div><\/div><\/button><div class=\"w-tabs-section-content\" id=\"content-1550117409898-7160210f-e4ca\" aria-expanded=\"false\"><div class=\"w-tabs-section-content-h i-cf\"><div class=\"wpb_text_column\" ><div class=\"wpb_wrapper\"><p>Consultations Monday, Wednesday and Friday from 8 am to 4 pm<br \/>\nFollow-up of hospitalized patients.<\/p>\n<\/div><\/div><\/div><\/div><\/div><div class=\"w-tabs-section\" id=\"1550117409573-97dbbf36-2349\"><button class=\"w-tabs-section-header\" aria-controls=\"content-1550117409573-97dbbf36-2349\"><div class=\"w-tabs-section-header-h\"><div class=\"w-tabs-section-title\">Nephrology<\/div><div class=\"w-tabs-section-control\"><\/div><\/div><\/button><div class=\"w-tabs-section-content\" id=\"content-1550117409573-97dbbf36-2349\" aria-expanded=\"false\"><div class=\"w-tabs-section-content-h i-cf\"><div class=\"wpb_text_column\" ><div class=\"wpb_wrapper\"><p>External consultation from Monday to Friday from 8 am to 4 pm<br \/>\nPrivate dialysis sessions (VIP).<br \/>\nFollow-up of hospitalized patients.<\/p>\n<\/div><\/div><\/div><\/div><\/div><div class=\"w-tabs-section\" id=\"1550117409213-55f4dd42-dace\"><button class=\"w-tabs-section-header\" aria-controls=\"content-1550117409213-55f4dd42-dace\"><div class=\"w-tabs-section-header-h\"><div class=\"w-tabs-section-title\">Electroencephalogram<\/div><div class=\"w-tabs-section-control\"><\/div><\/div><\/button><div class=\"w-tabs-section-content\" id=\"content-1550117409213-55f4dd42-dace\" aria-expanded=\"false\"><div class=\"w-tabs-section-content-h i-cf\"><div class=\"wpb_text_column\" ><div class=\"wpb_wrapper\"><p>It is a neurophysiological exploration that is based on the recording of cerebral bioelectrical activity in basal conditions of rest, in wakefulness or sleep, and during various activations (usually hyperpnea and intermittent luminous stimulation) by means of an electroencephalography device.<\/p>\n<\/div><\/div><\/div><\/div><\/div><div class=\"w-tabs-section\" id=\"1550117408818-d117086b-3faa\"><button class=\"w-tabs-section-header\" aria-controls=\"content-1550117408818-d117086b-3faa\"><div class=\"w-tabs-section-header-h\"><div class=\"w-tabs-section-title\">Electroencephalogram Video<\/div><div class=\"w-tabs-section-control\"><\/div><\/div><\/button><div class=\"w-tabs-section-content\" id=\"content-1550117408818-d117086b-3faa\" aria-expanded=\"false\"><div class=\"w-tabs-section-content-h i-cf\"><div class=\"wpb_text_column\" ><div class=\"wpb_wrapper\"><p>It consists of a synchronized record of the electrical activity of the cerebral cortex and of the patient&#039;s video image continuously. The simultaneous assessment of these records allows to relate alterations of the electrical activity of the cerebral cortex with certain neurological disorders characterized by alterations of consciousness, behavior or movement.<\/p>\n<\/div><\/div><\/div><\/div><\/div><div class=\"w-tabs-section\" id=\"1550117407751-6e1fa1f0-745e\"><button class=\"w-tabs-section-header\" aria-controls=\"content-1550117407751-6e1fa1f0-745e\"><div class=\"w-tabs-section-header-h\"><div class=\"w-tabs-section-title\">Electromyography<\/div><div class=\"w-tabs-section-control\"><\/div><\/div><\/button><div class=\"w-tabs-section-content\" id=\"content-1550117407751-6e1fa1f0-745e\" aria-expanded=\"false\"><div class=\"w-tabs-section-content-h i-cf\"><div class=\"wpb_text_column\" ><div class=\"wpb_wrapper\"><p>It is a technique for the evaluation and recording of the electrical activity produced by the muscles.<\/p>\n<\/div><\/div><\/div><\/div><\/div><div class=\"w-tabs-section\" id=\"1550117546881-5ab372d4-c059\"><button class=\"w-tabs-section-header\" aria-controls=\"content-1550117546881-5ab372d4-c059\"><div class=\"w-tabs-section-header-h\"><div class=\"w-tabs-section-title\">Transcranial Doppler<\/div><div class=\"w-tabs-section-control\"><\/div><\/div><\/button><div class=\"w-tabs-section-content\" id=\"content-1550117546881-5ab372d4-c059\" aria-expanded=\"false\"><div class=\"w-tabs-section-content-h i-cf\"><div class=\"wpb_text_column\" ><div class=\"wpb_wrapper\"><p>They allow the study of the arteries that irrigate the brain quickly, reliably and without risks for the patient. The cerebral blood flow depends on the carotid and vertebral arteries.<\/p>\n<\/div><\/div><\/div><\/div><\/div><div class=\"w-tabs-section\" id=\"1550117546713-e0a371c2-f6ba\"><button class=\"w-tabs-section-header\" aria-controls=\"content-1550117546713-e0a371c2-f6ba\"><div class=\"w-tabs-section-header-h\"><div class=\"w-tabs-section-title\">Lumbar puncture<\/div><div class=\"w-tabs-section-control\"><\/div><\/div><\/button><div class=\"w-tabs-section-content\" id=\"content-1550117546713-e0a371c2-f6ba\" aria-expanded=\"false\"><div class=\"w-tabs-section-content-h i-cf\"><div class=\"wpb_text_column\" ><div class=\"wpb_wrapper\"><p>It is a diagnostic procedure that is carried out to collect a sample of cerebrospinal fluid for a biochemical, microbiological and cytological analysis.<\/p>\n<\/div><\/div><\/div><\/div><\/div><div class=\"w-tabs-section\" id=\"1550117546499-f0e65159-dbd6\"><button class=\"w-tabs-section-header\" aria-controls=\"content-1550117546499-f0e65159-dbd6\"><div class=\"w-tabs-section-header-h\"><div class=\"w-tabs-section-title\">Multiple Sclerosis Clinic<\/div><div class=\"w-tabs-section-control\"><\/div><\/div><\/button><div class=\"w-tabs-section-content\" id=\"content-1550117546499-f0e65159-dbd6\" aria-expanded=\"false\"><div class=\"w-tabs-section-content-h i-cf\"><div class=\"wpb_text_column\" ><div class=\"wpb_wrapper\"><p>External consultation Follow-up of hospitalized patients.<\/p>\n<\/div><\/div><\/div><\/div><\/div><div class=\"w-tabs-section\" id=\"1550117546050-f7f52b6f-f0ad\"><button class=\"w-tabs-section-header\" aria-controls=\"content-1550117546050-f7f52b6f-f0ad\"><div class=\"w-tabs-section-header-h\"><div class=\"w-tabs-section-title\">Pneumology<\/div><div class=\"w-tabs-section-control\"><\/div><\/div><\/button><div class=\"w-tabs-section-content\" id=\"content-1550117546050-f7f52b6f-f0ad\" aria-expanded=\"false\"><div class=\"w-tabs-section-content-h i-cf\"><div class=\"wpb_text_column\" ><div class=\"wpb_wrapper\"><p>External consultation Monday through Friday from 8 am to 4 pm.<br \/>\nFollow-up of hospitalized patients.<\/p>\n<\/div><\/div><\/div><\/div><\/div><div class=\"w-tabs-section\" id=\"1550117624708-ff8fd3f4-51c0\"><button class=\"w-tabs-section-header\" aria-controls=\"content-1550117624708-ff8fd3f4-51c0\"><div class=\"w-tabs-section-header-h\"><div class=\"w-tabs-section-title\">Spirometry<\/div><div class=\"w-tabs-section-control\"><\/div><\/div><\/button><div class=\"w-tabs-section-content\" id=\"content-1550117624708-ff8fd3f4-51c0\" aria-expanded=\"false\"><div class=\"w-tabs-section-content-h i-cf\"><div class=\"wpb_text_column\" ><div class=\"wpb_wrapper\"><p>They are a series of simple respiratory tests, under controlled circumstances, that measure the absolute magnitude of lung capacities and lung volumes and the speed with which they can be mobilized.<\/p>\n<\/div><\/div><\/div><\/div><\/div><div class=\"w-tabs-section\" id=\"1550117624564-84766e71-d1be\"><button class=\"w-tabs-section-header\" aria-controls=\"content-1550117624564-84766e71-d1be\"><div class=\"w-tabs-section-header-h\"><div class=\"w-tabs-section-title\">Plethyography<\/div><div class=\"w-tabs-section-control\"><\/div><\/div><\/button><div class=\"w-tabs-section-content\" id=\"content-1550117624564-84766e71-d1be\" aria-expanded=\"false\"><div class=\"w-tabs-section-content-h i-cf\"><div class=\"wpb_text_column\" ><div class=\"wpb_wrapper\"><p>The Plestimograf\u00eda is the most used test to measure those static lung volumes that can not be evaluated by a simple Spirometry. It is a complex test able to measure the amount of air that remains in the lung after a forced expiration, that is, the so-called residual volume. Therefore, the Plestimograf\u00eda allows to know the value of the total lung capacity.<\/p>\n<\/div><\/div><\/div><\/div><\/div><div class=\"w-tabs-section\" id=\"1550117681376-10610d5b-5d7c\"><button class=\"w-tabs-section-header\" aria-controls=\"content-1550117681376-10610d5b-5d7c\"><div class=\"w-tabs-section-header-h\"><div class=\"w-tabs-section-title\">Fibrobroscopy<\/div><div class=\"w-tabs-section-control\"><\/div><\/div><\/button><div class=\"w-tabs-section-content\" id=\"content-1550117681376-10610d5b-5d7c\" aria-expanded=\"false\"><div class=\"w-tabs-section-content-h i-cf\"><div class=\"wpb_text_column\" ><div class=\"wpb_wrapper\"><p>It is the method of exploration and direct inspection of the larynx and tracheo bronchial tree with a long, thin and flexible fiberglass tube as an optical medium, called a fiberoptic bronchoscope.<\/p>\n<\/div><\/div><\/div><\/div><\/div><div class=\"w-tabs-section\" id=\"1550117624418-8b3b61a0-8f98\"><button class=\"w-tabs-section-header\" aria-controls=\"content-1550117624418-8b3b61a0-8f98\"><div class=\"w-tabs-section-header-h\"><div class=\"w-tabs-section-title\">Pleura biopsy<\/div><div class=\"w-tabs-section-control\"><\/div><\/div><\/button><div class=\"w-tabs-section-content\" id=\"content-1550117624418-8b3b61a0-8f98\" aria-expanded=\"false\"><div class=\"w-tabs-section-content-h i-cf\"><div class=\"wpb_text_column\" ><div class=\"wpb_wrapper\"><p>It is a procedure to remove a sample of the tissue that lines the lungs and inside the chest wall in order to verify the presence of disease or infection. For the microscopic study of their cells.<\/p>\n<\/div><\/div><\/div><\/div><\/div><div class=\"w-tabs-section\" id=\"1550117728725-2468a69a-6252\"><button class=\"w-tabs-section-header\" aria-controls=\"content-1550117728725-2468a69a-6252\"><div class=\"w-tabs-section-header-h\"><div class=\"w-tabs-section-title\">Thoracentesis<\/div><div class=\"w-tabs-section-control\"><\/div><\/div><\/button><div class=\"w-tabs-section-content\" id=\"content-1550117728725-2468a69a-6252\" aria-expanded=\"false\"><div class=\"w-tabs-section-content-h i-cf\"><div class=\"wpb_text_column\" ><div class=\"wpb_wrapper\"><p>Technique that allows the extraction of an accumulation of abnormal fluid or air in the pleural space by means of a catheter or a needle, introduced percutaneously into the thoracic cavity into the pleural space.<\/p>\n<\/div><\/div><\/div><\/div><\/div><div class=\"w-tabs-section\" id=\"1550117681041-b0a5454c-b08b\"><button class=\"w-tabs-section-header\" aria-controls=\"content-1550117681041-b0a5454c-b08b\"><div class=\"w-tabs-section-header-h\"><div class=\"w-tabs-section-title\">Endocrinology<\/div><div class=\"w-tabs-section-control\"><\/div><\/div><\/button><div class=\"w-tabs-section-content\" id=\"content-1550117681041-b0a5454c-b08b\" aria-expanded=\"false\"><div class=\"w-tabs-section-content-h i-cf\"><div class=\"wpb_text_column\" ><div class=\"wpb_wrapper\"><p>External consultation Monday through Friday from 8 am to 4 pm.<br \/>\nFollow-up of hospitalized patients.<\/p>\n<\/div><\/div><\/div><\/div><\/div><div class=\"w-tabs-section\" id=\"1550117821937-3f0e7958-aa93\"><button class=\"w-tabs-section-header\" aria-controls=\"content-1550117821937-3f0e7958-aa93\"><div class=\"w-tabs-section-header-h\"><div class=\"w-tabs-section-title\">Glucose Holter<\/div><div class=\"w-tabs-section-control\"><\/div><\/div><\/button><div class=\"w-tabs-section-content\" id=\"content-1550117821937-3f0e7958-aa93\" aria-expanded=\"false\"><div class=\"w-tabs-section-content-h i-cf\"><div class=\"wpb_text_column\" ><div class=\"wpb_wrapper\"><p>It is a procedure where we place a subcutaneous sensor that is tiny in the abdomen buttocks or arms and measures you 3 days in a row the behavior of the blood glucose every 5 minutes (as the blood pressure holter). It serves to have a better overview when addressing or correcting the treatment especially in the most unstable cases of decompensation of blood glucose.<\/p>\n<\/div><\/div><\/div><\/div><\/div><div class=\"w-tabs-section\" id=\"1550117821779-4f5bf5bd-fd93\"><button class=\"w-tabs-section-header\" aria-controls=\"content-1550117821779-4f5bf5bd-fd93\"><div class=\"w-tabs-section-header-h\"><div class=\"w-tabs-section-title\">BAAF of Thyroid Nodules<\/div><div class=\"w-tabs-section-control\"><\/div><\/div><\/button><div class=\"w-tabs-section-content\" id=\"content-1550117821779-4f5bf5bd-fd93\" aria-expanded=\"false\"><div class=\"w-tabs-section-content-h i-cf\"><div class=\"wpb_text_column\" ><div class=\"wpb_wrapper\"><p> It is a procedure where thyroid cells are extracted for their respective microscopic analysis. It allows to identify the histological characteristics of the nodules.<\/p>\n<\/div><\/div><\/div><\/div><\/div><div class=\"w-tabs-section\" id=\"1550117821622-bcee2ea6-a804\"><button class=\"w-tabs-section-header\" aria-controls=\"content-1550117821622-bcee2ea6-a804\"><div class=\"w-tabs-section-header-h\"><div class=\"w-tabs-section-title\">Body Composition Evaluation<\/div><div class=\"w-tabs-section-control\"><\/div><\/div><\/button><div class=\"w-tabs-section-content\" id=\"content-1550117821622-bcee2ea6-a804\" aria-expanded=\"false\"><div class=\"w-tabs-section-content-h i-cf\"><div class=\"wpb_text_column\" ><div class=\"wpb_wrapper\"><p>It is a non-invasive method to identify% body fat, specify visceral fat, measure muscle mass and determine the patient&#039;s energy requirements.<\/p>\n<\/div><\/div><\/div><\/div><\/div><div class=\"w-tabs-section\" id=\"1550117821456-9adade22-03f0\"><button class=\"w-tabs-section-header\" aria-controls=\"content-1550117821456-9adade22-03f0\"><div class=\"w-tabs-section-header-h\"><div class=\"w-tabs-section-title\">Diabetes Clinic<\/div><div class=\"w-tabs-section-control\"><\/div><\/div><\/button><div class=\"w-tabs-section-content\" id=\"content-1550117821456-9adade22-03f0\" aria-expanded=\"false\"><div class=\"w-tabs-section-content-h i-cf\"><div class=\"wpb_text_column\" ><div class=\"wpb_wrapper\"><p>External consultation Follow-up of hospitalized patients. School of education in diabetes.<\/p>\n<\/div><\/div><\/div><\/div><\/div><div class=\"w-tabs-section\" id=\"1550117821250-1af9490a-96d3\"><button class=\"w-tabs-section-header\" aria-controls=\"content-1550117821250-1af9490a-96d3\"><div class=\"w-tabs-section-header-h\"><div class=\"w-tabs-section-title\">Gestational Diabetes Unit<\/div><div class=\"w-tabs-section-control\"><\/div><\/div><\/button><div class=\"w-tabs-section-content\" id=\"content-1550117821250-1af9490a-96d3\" aria-expanded=\"false\"><div class=\"w-tabs-section-content-h i-cf\"><div class=\"wpb_text_column\" ><div class=\"wpb_wrapper\"><p>External consultation Follow-up hospitalized patients.<\/p>\n<\/div><\/div><\/div><\/div><\/div><div class=\"w-tabs-section\" id=\"1550117820780-76d9efcd-9531\"><button class=\"w-tabs-section-header\" aria-controls=\"content-1550117820780-76d9efcd-9531\"><div class=\"w-tabs-section-header-h\"><div class=\"w-tabs-section-title\">Diabetic Foot Clinic<\/div><div class=\"w-tabs-section-control\"><\/div><\/div><\/button><div class=\"w-tabs-section-content\" id=\"content-1550117820780-76d9efcd-9531\" aria-expanded=\"false\"><div class=\"w-tabs-section-content-h i-cf\"><div class=\"wpb_text_column\" ><div class=\"wpb_wrapper\"><p>Outpatient consultation Simple cure and compound cure. Pedicure. Amputations of toes. Bag Therapy Application Follow-up of hospitalized patients<\/p>\n<\/div><\/div><\/div><\/div><\/div><div class=\"w-tabs-section\" id=\"1550117899600-a780e3bf-62f3\"><button class=\"w-tabs-section-header\" aria-controls=\"content-1550117899600-a780e3bf-62f3\"><div class=\"w-tabs-section-header-h\"><div class=\"w-tabs-section-title\">Dermatology<\/div><div class=\"w-tabs-section-control\"><\/div><\/div><\/button><div class=\"w-tabs-section-content\" id=\"content-1550117899600-a780e3bf-62f3\" aria-expanded=\"false\"><div class=\"w-tabs-section-content-h i-cf\"><div class=\"wpb_text_column\" ><div class=\"wpb_wrapper\"><p>External consultation Monday through Friday from 8 am to 4 pm.<br \/>\nDermatological surgery<br \/>\nSkin biopsies<br \/>\nFollow-up to hospitalized patients<br \/>\nConsultation: Monday to Friday from 8am to 12:00 pm and Monday, Wednesday and Friday from 4 to 8 pm<\/p>\n<\/div><\/div><\/div><\/div><\/div><div class=\"w-tabs-section\" id=\"1550117899442-998342c4-f492\"><button class=\"w-tabs-section-header\" aria-controls=\"content-1550117899442-998342c4-f492\"><div class=\"w-tabs-section-header-h\"><div class=\"w-tabs-section-title\">Psychology<\/div><div class=\"w-tabs-section-control\"><\/div><\/div><\/button><div class=\"w-tabs-section-content\" id=\"content-1550117899442-998342c4-f492\" aria-expanded=\"false\"><div class=\"w-tabs-section-content-h i-cf\"><div class=\"wpb_text_column\" ><div class=\"wpb_wrapper\"><p>External consultation Monday through Friday from 8 am to 4 pm.<br \/>\nPsychometric test<br \/>\nSupport groups<br \/>\nIntervention in crisis to relatives of hospitalized patients<br \/>\nFollow-up to hospitalized patients<\/p>\n<\/div><\/div><\/div><\/div><\/div><div class=\"w-tabs-section\" id=\"1550117899295-5161249a-63ad\"><button class=\"w-tabs-section-header\" aria-controls=\"content-1550117899295-5161249a-63ad\"><div class=\"w-tabs-section-header-h\"><div class=\"w-tabs-section-title\">Psychiatry<\/div><div class=\"w-tabs-section-control\"><\/div><\/div><\/button><div class=\"w-tabs-section-content\" id=\"content-1550117899295-5161249a-63ad\" aria-expanded=\"false\"><div class=\"w-tabs-section-content-h i-cf\"><div class=\"wpb_text_column\" ><div class=\"wpb_wrapper\"><p>External consultation Monday through Friday from 8 am to 12 pm and Wednesday until 2 pm<br \/>\nSupport groups<br \/>\nIntervention in crisis to relatives of hospitalized patients<br \/>\nFollow-up to hospitalized patients<\/p>\n<\/div><\/div><\/div><\/div><\/div><div class=\"w-tabs-section\" id=\"1550117899126-a9e71bde-98f6\"><button class=\"w-tabs-section-header\" aria-controls=\"content-1550117899126-a9e71bde-98f6\"><div class=\"w-tabs-section-header-h\"><div class=\"w-tabs-section-title\">Audiology<\/div><div class=\"w-tabs-section-control\"><\/div><\/div><\/button><div class=\"w-tabs-section-content\" id=\"content-1550117899126-a9e71bde-98f6\" aria-expanded=\"false\"><div class=\"w-tabs-section-content-h i-cf\"><div class=\"wpb_text_column\" ><div class=\"wpb_wrapper\"><p>Auditory function tests:<\/p>\n<\/div><\/div><\/div><\/div><\/div><div class=\"w-tabs-section\" id=\"1550117898980-f7b9a11b-8a62\"><button class=\"w-tabs-section-header\" aria-controls=\"content-1550117898980-f7b9a11b-8a62\"><div class=\"w-tabs-section-header-h\"><div class=\"w-tabs-section-title\">Audiometry<\/div><div class=\"w-tabs-section-control\"><\/div><\/div><\/button><div class=\"w-tabs-section-content\" id=\"content-1550117898980-f7b9a11b-8a62\" aria-expanded=\"false\"><div class=\"w-tabs-section-content-h i-cf\"><div class=\"wpb_text_column\" ><div class=\"wpb_wrapper\"><p>The Audiometry is an exam that aims to encrypt the alterations of the hearing in relation to acoustic stimuli, results that are noted in a graph called audiogram.<\/p>\n<\/div><\/div><\/div><\/div><\/div><div class=\"w-tabs-section\" id=\"1550117898802-9ceb8049-39ea\"><button class=\"w-tabs-section-header\" aria-controls=\"content-1550117898802-9ceb8049-39ea\"><div class=\"w-tabs-section-header-h\"><div class=\"w-tabs-section-title\">Tympanometry<\/div><div class=\"w-tabs-section-control\"><\/div><\/div><\/button><div class=\"w-tabs-section-content\" id=\"content-1550117898802-9ceb8049-39ea\" aria-expanded=\"false\"><div class=\"w-tabs-section-content-h i-cf\"><div class=\"wpb_text_column\" ><div class=\"wpb_wrapper\"><p>It is a test developed to evaluate the mobility of the tympanic membrane during the variation of air pressure.<br \/>\nService Hours Wednesday from 3:00 pm to 7:00 pm<\/p>\n<\/div><\/div><\/div><\/div><\/div><\/div><\/div><\/div><\/div><\/div><\/div><div class=\"vc_col-sm-4 wpb_column vc_column_container\"><div class=\"vc_column-inner us_custom_c3c31ab9\"><div class=\"wpb_wrapper\"><div class=\"uavc-list-icon uavc-list-icon-wrapper ult-adjust-bottom-margin\"><ul class=\"uavc-list\"><li><div class=\"uavc-list-content\" id=\"list-icon-wrap-5334\">\n<div class=\"uavc-list-icon\" data-animation=\"\" data-animation-delay=\"03\" style=\"margin-right:10px;\"><div class=\"ult-just-icon-wrapper\"><div class=\"align-icon\" style=\"text-align:center;\">\n<div class=\"aio-icon none\"  style=\"font-size:22px;display:inline-block;\">\n\t<i class=\"Defaults-calendar\"><\/i>\n<\/div><\/div><\/div>\n<\/div><span  data-ultimate-target='#list-icon-wrap-5334 .uavc-list-desc'  data-responsive-json-new='{\"font-size\":\"\",\"line-height\":\"\"}'  class=\"uavc-list-desc ult-responsive\" style=\"\">\n<h4 style=\"padding-bottom: 0; margin-bottom: 0; font-size: 20px;\">For Appointments<\/h4>\n<p><span style=\"font-size: 14px; line-height: 18px;\">Call to <a style=\"color: #30414f; text-decoration: underline;\" href=\"tel:809-565-7477\">809-565-7477<\/a><br \/>\nFill the <a style=\"color: #30414f; text-decoration: underline;\" href=\"https:\/\/hgps.org.do\/en\/citas\/\">Online Form<\/a><br \/>\nor Write to us <a style=\"color: #30414f; text-decoration: underline;\" href=\"#\">Live Chat<\/a><\/span><\/span><\/div><\/li><\/ul><\/div><h4 style=\"font-size: 20px;color: #00acc9;text-align: center;font-family:Titillium Web;font-weight:600;font-style:normal\" class=\"vc_custom_heading us_custom_7c7abea5\" >Related Posts<\/h4><div class=\"w-grid type_grid layout_25768 overflow_hidden\" id=\"us_grid_1\" data-grid-filter=\"true\"><style id=\"us_grid_1_css\">#us_grid_1 .w-grid-item:not(:last-child){margin-bottom:1.5rem}#us_grid_1 .g-loadmore{margin-top:1.5rem}<\/style><style>.layout_25768 .w-grid-item-h{background:#ffffff}.layout_25768 .usg_post_image_1{margin-bottom:0!important;padding-bottom:0!important}.layout_25768 .usg_post_title_1{font-family:'Titillium Web', sans-serif!important;font-size:1.1rem!important;line-height:1.2em!important;padding:0!important;margin:10px 0 0 0!important}.layout_25768 .usg_hwrapper_2{color:#00bcd4!important}.layout_25768 .usg_post_date_1{font-size:0.8rem!important}.layout_25768 .usg_vwrapper_1{padding:0!important}.layout_25768 .usg_post_taxonomy_2{font-size:0.8rem!important}<\/style><div class=\"w-grid-list\" ><article class=\"w-grid-item size_1x1 post-27724 post type-post status-publish format-standard has-post-thumbnail hentry category-articulos tag-medicina-interna\" data-id=\"27724\">\r\n\t<div class=\"w-grid-item-h\">\r\n\t\t\t\t<div class=\"w-post-elm post_image usg_post_image_1 stretched\"><a href=\"https:\/\/hgps.org.do\/en\/articulos\/que-lo-primero-sea-lo-primero-la-tirania-de-lo-urgente\/\" aria-label=\"Que lo primero sea lo primero. La tiran\u00eda de lo urgente\"><img loading=\"lazy\" decoding=\"async\" width=\"229\" height=\"400\" src=\"https:\/\/hgps.org.do\/wp-content\/uploads\/2022\/11\/DRA-ROSIO-RYMER_PRENSA-229x400.jpg\" class=\"attachment-medium size-medium wp-post-image\" alt=\"\" srcset=\"https:\/\/hgps.org.do\/wp-content\/uploads\/2022\/11\/DRA-ROSIO-RYMER_PRENSA-229x400.jpg 229w, https:\/\/hgps.org.do\/wp-content\/uploads\/2022\/11\/DRA-ROSIO-RYMER_PRENSA-585x1024.jpg 585w, https:\/\/hgps.org.do\/wp-content\/uploads\/2022\/11\/DRA-ROSIO-RYMER_PRENSA-scaled-e1669057140925-7x12.jpg 7w, https:\/\/hgps.org.do\/wp-content\/uploads\/2022\/11\/DRA-ROSIO-RYMER_PRENSA-768x1344.jpg 768w, https:\/\/hgps.org.do\/wp-content\/uploads\/2022\/11\/DRA-ROSIO-RYMER_PRENSA-scaled-e1669057140925.jpg 100w\" sizes=\"(max-width: 229px) 100vw, 229px\" \/><\/a><\/div><div class=\"w-vwrapper usg_vwrapper_1 align_center valign_top\"><h2 class=\"w-post-elm post_title usg_post_title_1 entry-title color_link_inherit\"><a href=\"https:\/\/hgps.org.do\/en\/articulos\/que-lo-primero-sea-lo-primero-la-tirania-de-lo-urgente\/\">Que lo primero sea lo primero. La tiran\u00eda de lo urgente<\/a><\/h2><div class=\"w-hwrapper usg_hwrapper_2 align_center valign_top wrap\"><time class=\"w-post-elm post_date usg_post_date_1 entry-date published\" datetime=\"2023-03-30T14:28:33+00:00\"><i class=\"far fa-clock\"><\/i>30 March, 2023<\/time><div class=\"w-post-elm post_taxonomy usg_post_taxonomy_2 style_simple color_link_inherit\"><i class=\"far fa-tags\"><\/i><a href=\"https:\/\/hgps.org.do\/en\/tag\/medicina-interna\/\" rel=\"tag\">Internal Medicine<\/a><\/div><\/div><\/div>\t<\/div>\r\n<\/article>\r\n<article class=\"w-grid-item size_1x1 post-27673 post type-post status-publish format-standard has-post-thumbnail hentry category-articulos tag-medicina-interna\" data-id=\"27673\">\r\n\t<div class=\"w-grid-item-h\">\r\n\t\t\t\t<div class=\"w-post-elm post_image usg_post_image_1 stretched\"><a href=\"https:\/\/hgps.org.do\/en\/articulos\/a-emergencia-o-consulta\/\" aria-label=\"\u00bfA emergencia o consulta?\"><img loading=\"lazy\" decoding=\"async\" width=\"229\" height=\"400\" src=\"https:\/\/hgps.org.do\/wp-content\/uploads\/2022\/11\/DR-CESAR-MOTA-229x400.jpg\" class=\"attachment-medium size-medium wp-post-image\" alt=\"DR CESAR MOTA\" srcset=\"https:\/\/hgps.org.do\/wp-content\/uploads\/2022\/11\/DR-CESAR-MOTA-229x400.jpg 229w, https:\/\/hgps.org.do\/wp-content\/uploads\/2022\/11\/DR-CESAR-MOTA-585x1024.jpg 585w, https:\/\/hgps.org.do\/wp-content\/uploads\/2022\/11\/DR-CESAR-MOTA-7x12.jpg 7w, https:\/\/hgps.org.do\/wp-content\/uploads\/2022\/11\/DR-CESAR-MOTA-768x1344.jpg 768w, https:\/\/hgps.org.do\/wp-content\/uploads\/2022\/11\/DR-CESAR-MOTA-scaled.jpg 1463w\" sizes=\"(max-width: 229px) 100vw, 229px\" \/><\/a><\/div><div class=\"w-vwrapper usg_vwrapper_1 align_center valign_top\"><h2 class=\"w-post-elm post_title usg_post_title_1 entry-title color_link_inherit\"><a href=\"https:\/\/hgps.org.do\/en\/articulos\/a-emergencia-o-consulta\/\">\u00bfA emergencia o consulta?<\/a><\/h2><div class=\"w-hwrapper usg_hwrapper_2 align_center valign_top wrap\"><time class=\"w-post-elm post_date usg_post_date_1 entry-date published\" datetime=\"2022-11-21T19:45:22+00:00\"><i class=\"far fa-clock\"><\/i>21 November, 2022<\/time><div class=\"w-post-elm post_taxonomy usg_post_taxonomy_2 style_simple color_link_inherit\"><i class=\"far fa-tags\"><\/i><a href=\"https:\/\/hgps.org.do\/en\/tag\/medicina-interna\/\" rel=\"tag\">Internal Medicine<\/a><\/div><\/div><\/div>\t<\/div>\r\n<\/article>\r\n<article class=\"w-grid-item size_1x1 post-27662 post type-post status-publish format-standard has-post-thumbnail hentry category-articulos tag-medicina-interna\" data-id=\"27662\">\r\n\t<div class=\"w-grid-item-h\">\r\n\t\t\t\t<div class=\"w-post-elm post_image usg_post_image_1 stretched\"><a href=\"https:\/\/hgps.org.do\/en\/articulos\/salud-mental-y-la-violencia-en-la-republica-dominicana\/\" aria-label=\"Salud Mental y la violencia en la Rep\u00fablica Dominicana\"><img loading=\"lazy\" decoding=\"async\" width=\"269\" height=\"400\" src=\"https:\/\/hgps.org.do\/wp-content\/uploads\/2020\/03\/Captura-de-pantalla-2020-03-18-a-las-10.19.50-a.-m.-269x400.png\" class=\"attachment-medium size-medium wp-post-image\" alt=\"Dr. Randol Cabrera\" srcset=\"https:\/\/hgps.org.do\/wp-content\/uploads\/2020\/03\/Captura-de-pantalla-2020-03-18-a-las-10.19.50-a.-m.-269x400.png 269w, https:\/\/hgps.org.do\/wp-content\/uploads\/2020\/03\/Captura-de-pantalla-2020-03-18-a-las-10.19.50-a.-m.-e1658406672583.png 320w\" sizes=\"(max-width: 269px) 100vw, 269px\" \/><\/a><\/div><div class=\"w-vwrapper usg_vwrapper_1 align_center valign_top\"><h2 class=\"w-post-elm post_title usg_post_title_1 entry-title color_link_inherit\"><a href=\"https:\/\/hgps.org.do\/en\/articulos\/salud-mental-y-la-violencia-en-la-republica-dominicana\/\">Salud Mental y la violencia en la Rep\u00fablica Dominicana<\/a><\/h2><div class=\"w-hwrapper usg_hwrapper_2 align_center valign_top wrap\"><time class=\"w-post-elm post_date usg_post_date_1 entry-date published\" datetime=\"2022-11-21T19:22:55+00:00\"><i class=\"far fa-clock\"><\/i>21 November, 2022<\/time><div class=\"w-post-elm post_taxonomy usg_post_taxonomy_2 style_simple color_link_inherit\"><i class=\"far fa-tags\"><\/i><a href=\"https:\/\/hgps.org.do\/en\/tag\/medicina-interna\/\" rel=\"tag\">Internal Medicine<\/a><\/div><\/div><\/div>\t<\/div>\r\n<\/article>\r\n<article class=\"w-grid-item size_1x1 post-27658 post type-post status-publish format-standard has-post-thumbnail hentry category-articulos tag-medicina-interna\" data-id=\"27658\">\r\n\t<div class=\"w-grid-item-h\">\r\n\t\t\t\t<div class=\"w-post-elm post_image usg_post_image_1 stretched\"><a href=\"https:\/\/hgps.org.do\/en\/articulos\/importancia-de-la-psicosociologia-laboral\/\" aria-label=\"Importancia de la psicosociolog\u00eda laboral\"><img loading=\"lazy\" decoding=\"async\" width=\"229\" height=\"400\" src=\"https:\/\/hgps.org.do\/wp-content\/uploads\/2022\/11\/DRA-ROSIO-RYMER_PRENSA-229x400.jpg\" class=\"attachment-medium size-medium wp-post-image\" alt=\"\" srcset=\"https:\/\/hgps.org.do\/wp-content\/uploads\/2022\/11\/DRA-ROSIO-RYMER_PRENSA-229x400.jpg 229w, https:\/\/hgps.org.do\/wp-content\/uploads\/2022\/11\/DRA-ROSIO-RYMER_PRENSA-585x1024.jpg 585w, https:\/\/hgps.org.do\/wp-content\/uploads\/2022\/11\/DRA-ROSIO-RYMER_PRENSA-scaled-e1669057140925-7x12.jpg 7w, https:\/\/hgps.org.do\/wp-content\/uploads\/2022\/11\/DRA-ROSIO-RYMER_PRENSA-768x1344.jpg 768w, https:\/\/hgps.org.do\/wp-content\/uploads\/2022\/11\/DRA-ROSIO-RYMER_PRENSA-scaled-e1669057140925.jpg 100w\" sizes=\"(max-width: 229px) 100vw, 229px\" \/><\/a><\/div><div class=\"w-vwrapper usg_vwrapper_1 align_center valign_top\"><h2 class=\"w-post-elm post_title usg_post_title_1 entry-title color_link_inherit\"><a href=\"https:\/\/hgps.org.do\/en\/articulos\/importancia-de-la-psicosociologia-laboral\/\">Importancia de la psicosociolog\u00eda laboral<\/a><\/h2><div class=\"w-hwrapper usg_hwrapper_2 align_center valign_top wrap\"><time class=\"w-post-elm post_date usg_post_date_1 entry-date published\" datetime=\"2022-11-21T19:01:46+00:00\"><i class=\"far fa-clock\"><\/i>21 November, 2022<\/time><div class=\"w-post-elm post_taxonomy usg_post_taxonomy_2 style_simple color_link_inherit\"><i class=\"far fa-tags\"><\/i><a href=\"https:\/\/hgps.org.do\/en\/tag\/medicina-interna\/\" rel=\"tag\">Internal Medicine<\/a><\/div><\/div><\/div>\t<\/div>\r\n<\/article>\r\n<article class=\"w-grid-item size_1x1 post-27555 post type-post status-publish format-standard has-post-thumbnail hentry category-articulos tag-medicina-interna\" data-id=\"27555\">\r\n\t<div class=\"w-grid-item-h\">\r\n\t\t\t\t<div class=\"w-post-elm post_image usg_post_image_1 stretched\"><a href=\"https:\/\/hgps.org.do\/en\/articulos\/autoestima-y-autocuidado-el-orden-si-afecta-el-producto\/\" aria-label=\"Autoestima y autocuidado: el orden, s\u00ed afecta el producto\"><img loading=\"lazy\" decoding=\"async\" width=\"268\" height=\"400\" src=\"https:\/\/hgps.org.do\/wp-content\/uploads\/2019\/10\/Dra.-Rosio-Rymer-268x400.jpg\" class=\"attachment-medium size-medium wp-post-image\" alt=\"Dra. Rosio Rymer\" srcset=\"https:\/\/hgps.org.do\/wp-content\/uploads\/2019\/10\/Dra.-Rosio-Rymer-268x400.jpg 268w, https:\/\/hgps.org.do\/wp-content\/uploads\/2019\/10\/Dra.-Rosio-Rymer-686x1024.jpg 686w, https:\/\/hgps.org.do\/wp-content\/uploads\/2019\/10\/Dra.-Rosio-Rymer-768x1146.jpg 768w, https:\/\/hgps.org.do\/wp-content\/uploads\/2019\/10\/Dra.-Rosio-Rymer-e1658410756187.jpg 450w\" sizes=\"(max-width: 268px) 100vw, 268px\" \/><\/a><\/div><div class=\"w-vwrapper usg_vwrapper_1 align_center valign_top\"><h2 class=\"w-post-elm post_title usg_post_title_1 entry-title color_link_inherit\"><a href=\"https:\/\/hgps.org.do\/en\/articulos\/autoestima-y-autocuidado-el-orden-si-afecta-el-producto\/\">Autoestima y autocuidado: el orden, s\u00ed afecta el producto<\/a><\/h2><div class=\"w-hwrapper usg_hwrapper_2 align_center valign_top wrap\"><time class=\"w-post-elm post_date usg_post_date_1 entry-date published\" datetime=\"2022-07-21T13:39:53+00:00\"><i class=\"far fa-clock\"><\/i>21 July, 2022<\/time><div class=\"w-post-elm post_taxonomy usg_post_taxonomy_2 style_simple color_link_inherit\"><i class=\"far fa-tags\"><\/i><a href=\"https:\/\/hgps.org.do\/en\/tag\/medicina-interna\/\" rel=\"tag\">Internal Medicine<\/a><\/div><\/div><\/div>\t<\/div>\r\n<\/article>\r\n<\/div><div class=\"w-grid-preloader\"><div class=\"g-preloader type_1\">\r\n\t<div><\/div>\r\n<\/div>\r\n<\/div>\t<div class=\"w-grid-json hidden\" onclick='return {&quot;action&quot;:&quot;us_ajax_grid&quot;,&quot;ajax_url&quot;:&quot;https:\\\/\\\/hgps.org.do\\\/wp-admin\\\/admin-ajax.php&quot;,&quot;infinite_scroll&quot;:0,&quot;max_num_pages&quot;:2,&quot;pagination&quot;:&quot;none&quot;,&quot;permalink_url&quot;:&quot;https:\\\/\\\/hgps.org.do\\\/en\\\/wp-json\\\/wp\\\/v2\\\/pages\\\/22836&quot;,&quot;template_vars&quot;:{&quot;columns&quot;:&quot;1&quot;,&quot;exclude_items&quot;:&quot;none&quot;,&quot;img_size&quot;:&quot;medium&quot;,&quot;ignore_items_size&quot;:false,&quot;items_layout&quot;:&quot;25768&quot;,&quot;items_offset&quot;:&quot;1&quot;,&quot;overriding_link&quot;:&quot;none&quot;,&quot;post_id&quot;:22836,&quot;query_args&quot;:{&quot;post_type&quot;:[&quot;post&quot;],&quot;tax_query&quot;:[{&quot;taxonomy&quot;:&quot;post_tag&quot;,&quot;field&quot;:&quot;slug&quot;,&quot;terms&quot;:[&quot;medicina-interna&quot;]}],&quot;post_status&quot;:[&quot;publish&quot;],&quot;orderby&quot;:{&quot;date&quot;:&quot;DESC&quot;},&quot;posts_per_page&quot;:&quot;5&quot;},&quot;type&quot;:&quot;grid&quot;,&quot;us_grid_ajax_index&quot;:1,&quot;us_grid_filter_params&quot;:null,&quot;us_grid_index&quot;:1,&quot;_us_grid_post_type&quot;:&quot;post&quot;}}'><\/div>\r\n<\/div><\/div><\/div><\/div><\/div><\/div><\/section>","protected":false},"excerpt":{"rendered":"Una adecuada autoestima es un factor fundamental para sentirse emocionalmente sano y equilibrado. La falta de autoestima dificulta cuidar de uno mismo \u00bfQu\u00e9 tanto sabemos cuidarnos? El fomentar estrategias para que el individuo logre alcanzar el bienestar f\u00edsico y emocional, ha sido un reto constante a trav\u00e9s del desarrollo en la l\u00ednea del tiempo de...","protected":false},"author":1,"featured_media":0,"parent":22825,"menu_order":44,"comment_status":"closed","ping_status":"closed","template":"","meta":{"footnotes":""},"_links":{"self":[{"href":"https:\/\/hgps.org.do\/en\/wp-json\/wp\/v2\/pages\/22836"}],"collection":[{"href":"https:\/\/hgps.org.do\/en\/wp-json\/wp\/v2\/pages"}],"about":[{"href":"https:\/\/hgps.org.do\/en\/wp-json\/wp\/v2\/types\/page"}],"author":[{"embeddable":true,"href":"https:\/\/hgps.org.do\/en\/wp-json\/wp\/v2\/users\/1"}],"replies":[{"embeddable":true,"href":"https:\/\/hgps.org.do\/en\/wp-json\/wp\/v2\/comments?post=22836"}],"version-history":[{"count":8,"href":"https:\/\/hgps.org.do\/en\/wp-json\/wp\/v2\/pages\/22836\/revisions"}],"predecessor-version":[{"id":26869,"href":"https:\/\/hgps.org.do\/en\/wp-json\/wp\/v2\/pages\/22836\/revisions\/26869"}],"up":[{"embeddable":true,"href":"https:\/\/hgps.org.do\/en\/wp-json\/wp\/v2\/pages\/22825"}],"wp:attachment":[{"href":"https:\/\/hgps.org.do\/en\/wp-json\/wp\/v2\/media?parent=22836"}],"curies":[{"name":"wp","href":"https:\/\/api.w.org\/{rel}","templated":true}]}}